{"id":116,"date":"2019-04-08T08:54:12","date_gmt":"2019-04-08T08:54:12","guid":{"rendered":"http:\/\/transfortransportes.com\/index.php\/portfolio\/"},"modified":"2021-04-21T21:44:23","modified_gmt":"2021-04-21T21:44:23","slug":"vehiculos","status":"publish","type":"page","link":"https:\/\/transfortransportes.com\/index.php\/vehiculos\/","title":{"rendered":"Veh\u00edculos"},"content":{"rendered":"\t\t<div data-elementor-type=\"wp-post\" data-elementor-id=\"116\" class=\"elementor elementor-116\" data-elementor-settings=\"[]\">\n\t\t\t\t\t\t<div class=\"elementor-inner\">\n\t\t\t\t\t\t\t<div class=\"elementor-section-wrap\">\n\t\t\t\t\t\t\t<section class=\"elementor-section elementor-top-section elementor-element elementor-element-db71d24 elementor-section-boxed elementor-section-height-default elementor-section-height-default\" data-id=\"db71d24\" data-element_type=\"section\">\n\t\t\t\t\t\t<div class=\"elementor-container elementor-column-gap-no\">\n\t\t\t\t\t\t\t<div class=\"elementor-row\">\n\t\t\t\t\t<div class=\"aux-parallax-section elementor-column elementor-col-100 elementor-top-column elementor-element elementor-element-f1d8c06\" data-id=\"f1d8c06\" data-element_type=\"column\">\n\t\t\t<div class=\"elementor-column-wrap elementor-element-populated\">\n\t\t\t\t\t\t\t<div class=\"elementor-widget-wrap\">\n\t\t\t\t\t\t<div class=\"elementor-element elementor-element-c9fbe3c aux-appear-watch-animation aux-fade-in elementor-widget elementor-widget-aux_modern_heading\" data-id=\"c9fbe3c\" data-element_type=\"widget\" data-widget_type=\"aux_modern_heading.default\">\n\t\t\t\t<div class=\"elementor-widget-container\">\n\t\t\t<section class=\"aux-widget-modern-heading\">\n            <div class=\"aux-widget-inner\"><p class=\"aux-modern-heading-primary\">Parque Automotor<\/p><h3 class=\"aux-modern-heading-secondary\"><span class=\"aux-head-before\">Nuestros<\/span><span class=\"aux-head-highlight\">Veh\u00edculos<\/span><\/h3><\/div>\n        <\/section>\t\t<\/div>\n\t\t\t\t<\/div>\n\t\t\t\t<section class=\"elementor-section elementor-inner-section elementor-element elementor-element-05d6b47 elementor-section-boxed elementor-section-height-default elementor-section-height-default\" data-id=\"05d6b47\" data-element_type=\"section\">\n\t\t\t\t\t\t<div class=\"elementor-container elementor-column-gap-default\">\n\t\t\t\t\t\t\t<div class=\"elementor-row\">\n\t\t\t\t\t<div class=\"aux-parallax-section elementor-column elementor-col-100 elementor-inner-column elementor-element elementor-element-b3cca2f\" data-id=\"b3cca2f\" data-element_type=\"column\">\n\t\t\t<div class=\"elementor-column-wrap elementor-element-populated\">\n\t\t\t\t\t\t\t<div class=\"elementor-widget-wrap\">\n\t\t\t\t\t\t<div class=\"elementor-element elementor-element-c7a5625 elementor-widget elementor-widget-aux_recent_portfolios_grid\" data-id=\"c7a5625\" data-element_type=\"widget\" data-settings=\"{&quot;columns&quot;:&quot;3&quot;,&quot;columns_tablet&quot;:&quot;inherit&quot;,&quot;columns_mobile&quot;:&quot;1&quot;}\" data-widget_type=\"aux_recent_portfolios_grid.default\">\n\t\t\t\t<div class=\"elementor-widget-container\">\n\t\t\t<section class=\"widget-container aux-widget-recent-portfolios aux-parent-auabaf24b2\" style=\"\" ><div class=\"aux-filters aux-togglable aux-slideup aux-right aux-isotope-filters\"><div class=\"aux-select-overlay\"><\/div><ul><li data-filter=\"transfor\" data-category-id=\"14\" ><a href=\"#\"><span data-select=\"TransFor\">TransFor<\/span><\/a><\/li><\/ul><\/div><div id=\"69ee1806eae43\" data-element-id=\"auabaf24b2\" class=\"aux-portfolio-columns aux-ajax-view aux-isotope-animated aux-isotope-layout aux-layout-grid aux-no-gutter aux-row aux-match-height aux-de-col3 aux-tb-col3 aux-mb-col1\" data-lazyload=\"true\" data-space=\"50\" data-pagination=\"false\" data-deeplink=\"true\" data-slug=\"\" data-perpage=\"\" data-layout=\"fitRows\" data-reveal-transition-duration=\"600\" data-reveal-between-delay=\"60\" data-hide-transition-duration=\"600\" data-hide-between-delay=\"30\" data-num=\"20\" data-order=\"DESC\" data-orderby=\"date\" data-taxonomy=\"portfolio-cat\" data-n=\"5c7f392908\"><div class=\"aux-items-loading aux-loading-hide\"><div class=\"aux-loading-loop\"><svg class=\"aux-circle\" width=\"100%\" height=\"100%\" viewBox=\"0 0 42 42\"><circle class=\"aux-stroke-bg\" r=\"20\" cx=\"21\" cy=\"21\" fill=\"none\"><\/circle><circle class=\"aux-progress\" r=\"20\" cx=\"21\" cy=\"21\" fill=\"none\" transform=\"rotate(-90 21 21)\"><\/circle><\/svg><\/div><\/div><div class=\"aux-iso-item aux-loading aux-col carga-seca transfor\">                        <article class=\"post-342 portfolio type-portfolio status-publish has-post-thumbnail hentry portfolio-cat-carga-seca portfolio-cat-transfor portfolio-tag-uncategorized portfolio-filter-uncategorized\" >\n                            <div class=\"\">\n                                <div class=\"entry-media \">\n                                    <div class=\"aux-media-frame aux-media-image\"><a href=\"https:\/\/transfortransportes.com\/index.php\/portfolio\/mercedes-benz-2\/\"><img width=\"566\" height=\"425\" class=\"aux-attachment aux-featured-image attachment-566.66666666667x425 aux-attachment-id-343 \" alt=\"MERCEDES2-1\" data-ratio=\"1.33\" data-original-w=\"800\" sizes=\"auto\" data-srcset=\"https:\/\/transfortransportes.com\/wp-content\/uploads\/2021\/04\/MERCEDES2-1-150x113.jpg 150w,https:\/\/transfortransportes.com\/wp-content\/uploads\/2021\/04\/MERCEDES2-1-300x225.jpg 300w,https:\/\/transfortransportes.com\/wp-content\/uploads\/2021\/04\/MERCEDES2-1-768x576.jpg 768w,https:\/\/transfortransportes.com\/wp-content\/uploads\/2021\/04\/MERCEDES2-1-567x425.jpg 567w,https:\/\/transfortransportes.com\/wp-content\/uploads\/2021\/04\/MERCEDES2-1-790x592.jpg 790w\" data-src=\"https:\/\/transfortransportes.com\/wp-content\/uploads\/2021\/04\/MERCEDES2-1-567x425.jpg\" \/><\/a><\/div>                                <\/div>\n\n                                                            <\/div>\n\n                                                        <div class=\"entry-main\">\n\n                                                                <header class=\"entry-header\">\n                                    <h3 class=\"entry-title\">\n                                        <a href=\"https:\/\/transfortransportes.com\/index.php\/portfolio\/mercedes-benz-2\/\">\n                                            Mercedes-Benz                                        <\/a>\n                                    <\/h3>\n                                <\/header>\n                                                                                                                                <div class=\"entry-info\">\n                                    <span class=\"entry-tax\">\n                                                                                <a href=\"https:\/\/transfortransportes.com\/index.php\/portfolio-cat\/carga-seca\/\" title=\"View all posts in Carga Seca\" rel=\"category\" >Carga Seca<\/a><a href=\"https:\/\/transfortransportes.com\/index.php\/portfolio-cat\/transfor\/\" title=\"View all posts in TransFor\" rel=\"category\" >TransFor<\/a>                                    <\/span>\n                                <\/div>\n                                                                                            <\/div>\n                            \n                        <\/article>\n<\/div><div class=\"aux-iso-item aux-loading aux-col carga-seca transfor\">                        <article class=\"post-338 portfolio type-portfolio status-publish has-post-thumbnail hentry portfolio-cat-carga-seca portfolio-cat-transfor portfolio-tag-uncategorized portfolio-filter-uncategorized\" >\n                            <div class=\"\">\n                                <div class=\"entry-media \">\n                                    <div class=\"aux-media-frame aux-media-image\"><a href=\"https:\/\/transfortransportes.com\/index.php\/portfolio\/mercedes-benz\/\"><img width=\"566\" height=\"425\" class=\"aux-attachment aux-featured-image attachment-566.66666666667x425 aux-attachment-id-339 \" alt=\"MERCEDES-1\" data-ratio=\"1.33\" data-original-w=\"800\" sizes=\"auto\" data-srcset=\"https:\/\/transfortransportes.com\/wp-content\/uploads\/2021\/04\/MERCEDES-1-150x113.jpg 150w,https:\/\/transfortransportes.com\/wp-content\/uploads\/2021\/04\/MERCEDES-1-300x225.jpg 300w,https:\/\/transfortransportes.com\/wp-content\/uploads\/2021\/04\/MERCEDES-1-768x576.jpg 768w,https:\/\/transfortransportes.com\/wp-content\/uploads\/2021\/04\/MERCEDES-1-567x425.jpg 567w,https:\/\/transfortransportes.com\/wp-content\/uploads\/2021\/04\/MERCEDES-1-790x592.jpg 790w\" data-src=\"https:\/\/transfortransportes.com\/wp-content\/uploads\/2021\/04\/MERCEDES-1-567x425.jpg\" \/><\/a><\/div>                                <\/div>\n\n                                                            <\/div>\n\n                                                        <div class=\"entry-main\">\n\n                                                                <header class=\"entry-header\">\n                                    <h3 class=\"entry-title\">\n                                        <a href=\"https:\/\/transfortransportes.com\/index.php\/portfolio\/mercedes-benz\/\">\n                                            Mercedes-Benz                                        <\/a>\n                                    <\/h3>\n                                <\/header>\n                                                                                                                                <div class=\"entry-info\">\n                                    <span class=\"entry-tax\">\n                                                                                <a href=\"https:\/\/transfortransportes.com\/index.php\/portfolio-cat\/carga-seca\/\" title=\"View all posts in Carga Seca\" rel=\"category\" >Carga Seca<\/a><a href=\"https:\/\/transfortransportes.com\/index.php\/portfolio-cat\/transfor\/\" title=\"View all posts in TransFor\" rel=\"category\" >TransFor<\/a>                                    <\/span>\n                                <\/div>\n                                                                                            <\/div>\n                            \n                        <\/article>\n<\/div><div class=\"aux-iso-item aux-loading aux-col carga-seca transfor\">                        <article class=\"post-335 portfolio type-portfolio status-publish has-post-thumbnail hentry portfolio-cat-carga-seca portfolio-cat-transfor portfolio-tag-uncategorized portfolio-filter-uncategorized\" >\n                            <div class=\"\">\n                                <div class=\"entry-media \">\n                                    <div class=\"aux-media-frame aux-media-image\"><a href=\"https:\/\/transfortransportes.com\/index.php\/portfolio\/jmc-3\/\"><img width=\"566\" height=\"425\" class=\"aux-attachment aux-featured-image attachment-566.66666666667x425 aux-attachment-id-336 \" alt=\"JMC3\" data-ratio=\"1.33\" data-original-w=\"800\" sizes=\"auto\" data-srcset=\"https:\/\/transfortransportes.com\/wp-content\/uploads\/2021\/04\/JMC3-150x113.jpg 150w,https:\/\/transfortransportes.com\/wp-content\/uploads\/2021\/04\/JMC3-300x225.jpg 300w,https:\/\/transfortransportes.com\/wp-content\/uploads\/2021\/04\/JMC3-768x576.jpg 768w,https:\/\/transfortransportes.com\/wp-content\/uploads\/2021\/04\/JMC3-567x425.jpg 567w,https:\/\/transfortransportes.com\/wp-content\/uploads\/2021\/04\/JMC3-790x592.jpg 790w\" data-src=\"https:\/\/transfortransportes.com\/wp-content\/uploads\/2021\/04\/JMC3-567x425.jpg\" \/><\/a><\/div>                                <\/div>\n\n                                                            <\/div>\n\n                                                        <div class=\"entry-main\">\n\n                                                                <header class=\"entry-header\">\n                                    <h3 class=\"entry-title\">\n                                        <a href=\"https:\/\/transfortransportes.com\/index.php\/portfolio\/jmc-3\/\">\n                                            JMC                                        <\/a>\n                                    <\/h3>\n                                <\/header>\n                                                                                                                                <div class=\"entry-info\">\n                                    <span class=\"entry-tax\">\n                                                                                <a href=\"https:\/\/transfortransportes.com\/index.php\/portfolio-cat\/carga-seca\/\" title=\"View all posts in Carga Seca\" rel=\"category\" >Carga Seca<\/a><a href=\"https:\/\/transfortransportes.com\/index.php\/portfolio-cat\/transfor\/\" title=\"View all posts in TransFor\" rel=\"category\" >TransFor<\/a>                                    <\/span>\n                                <\/div>\n                                                                                            <\/div>\n                            \n                        <\/article>\n<\/div><div class=\"aux-iso-item aux-loading aux-col carga-seca transfor\">                        <article class=\"post-332 portfolio type-portfolio status-publish has-post-thumbnail hentry portfolio-cat-carga-seca portfolio-cat-transfor portfolio-tag-uncategorized portfolio-filter-uncategorized\" >\n                            <div class=\"\">\n                                <div class=\"entry-media \">\n                                    <div class=\"aux-media-frame aux-media-image\"><a href=\"https:\/\/transfortransportes.com\/index.php\/portfolio\/jmc-2\/\"><img width=\"566\" height=\"425\" class=\"aux-attachment aux-featured-image attachment-566.66666666667x425 aux-attachment-id-333 \" alt=\"JMC2\" data-ratio=\"1.33\" data-original-w=\"800\" sizes=\"auto\" data-srcset=\"https:\/\/transfortransportes.com\/wp-content\/uploads\/2021\/04\/JMC2-150x113.jpg 150w,https:\/\/transfortransportes.com\/wp-content\/uploads\/2021\/04\/JMC2-300x225.jpg 300w,https:\/\/transfortransportes.com\/wp-content\/uploads\/2021\/04\/JMC2-768x576.jpg 768w,https:\/\/transfortransportes.com\/wp-content\/uploads\/2021\/04\/JMC2-567x425.jpg 567w,https:\/\/transfortransportes.com\/wp-content\/uploads\/2021\/04\/JMC2-790x592.jpg 790w\" data-src=\"https:\/\/transfortransportes.com\/wp-content\/uploads\/2021\/04\/JMC2-567x425.jpg\" \/><\/a><\/div>                                <\/div>\n\n                                                            <\/div>\n\n                                                        <div class=\"entry-main\">\n\n                                                                <header class=\"entry-header\">\n                                    <h3 class=\"entry-title\">\n                                        <a href=\"https:\/\/transfortransportes.com\/index.php\/portfolio\/jmc-2\/\">\n                                            JMC                                        <\/a>\n                                    <\/h3>\n                                <\/header>\n                                                                                                                                <div class=\"entry-info\">\n                                    <span class=\"entry-tax\">\n                                                                                <a href=\"https:\/\/transfortransportes.com\/index.php\/portfolio-cat\/carga-seca\/\" title=\"View all posts in Carga Seca\" rel=\"category\" >Carga Seca<\/a><a href=\"https:\/\/transfortransportes.com\/index.php\/portfolio-cat\/transfor\/\" title=\"View all posts in TransFor\" rel=\"category\" >TransFor<\/a>                                    <\/span>\n                                <\/div>\n                                                                                            <\/div>\n                            \n                        <\/article>\n<\/div><div class=\"aux-iso-item aux-loading aux-col carga-seca transfor\">                        <article class=\"post-329 portfolio type-portfolio status-publish has-post-thumbnail hentry portfolio-cat-carga-seca portfolio-cat-transfor portfolio-tag-uncategorized portfolio-filter-uncategorized\" >\n                            <div class=\"\">\n                                <div class=\"entry-media \">\n                                    <div class=\"aux-media-frame aux-media-image\"><a href=\"https:\/\/transfortransportes.com\/index.php\/portfolio\/jmc\/\"><img width=\"566\" height=\"425\" class=\"aux-attachment aux-featured-image attachment-566.66666666667x425 aux-attachment-id-330 \" alt=\"JMC1\" data-ratio=\"1.33\" data-original-w=\"800\" sizes=\"auto\" data-srcset=\"https:\/\/transfortransportes.com\/wp-content\/uploads\/2021\/04\/JMC1-150x113.jpg 150w,https:\/\/transfortransportes.com\/wp-content\/uploads\/2021\/04\/JMC1-300x225.jpg 300w,https:\/\/transfortransportes.com\/wp-content\/uploads\/2021\/04\/JMC1-768x576.jpg 768w,https:\/\/transfortransportes.com\/wp-content\/uploads\/2021\/04\/JMC1-567x425.jpg 567w,https:\/\/transfortransportes.com\/wp-content\/uploads\/2021\/04\/JMC1-790x592.jpg 790w\" data-src=\"https:\/\/transfortransportes.com\/wp-content\/uploads\/2021\/04\/JMC1-567x425.jpg\" \/><\/a><\/div>                                <\/div>\n\n                                                            <\/div>\n\n                                                        <div class=\"entry-main\">\n\n                                                                <header class=\"entry-header\">\n                                    <h3 class=\"entry-title\">\n                                        <a href=\"https:\/\/transfortransportes.com\/index.php\/portfolio\/jmc\/\">\n                                            JMC                                        <\/a>\n                                    <\/h3>\n                                <\/header>\n                                                                                                                                <div class=\"entry-info\">\n                                    <span class=\"entry-tax\">\n                                                                                <a href=\"https:\/\/transfortransportes.com\/index.php\/portfolio-cat\/carga-seca\/\" title=\"View all posts in Carga Seca\" rel=\"category\" >Carga Seca<\/a><a href=\"https:\/\/transfortransportes.com\/index.php\/portfolio-cat\/transfor\/\" title=\"View all posts in TransFor\" rel=\"category\" >TransFor<\/a>                                    <\/span>\n                                <\/div>\n                                                                                            <\/div>\n                            \n                        <\/article>\n<\/div><div class=\"aux-iso-item aux-loading aux-col carga-seca transfor\">                        <article class=\"post-326 portfolio type-portfolio status-publish has-post-thumbnail hentry portfolio-cat-carga-seca portfolio-cat-transfor portfolio-tag-uncategorized portfolio-filter-uncategorized\" >\n                            <div class=\"\">\n                                <div class=\"entry-media \">\n                                    <div class=\"aux-media-frame aux-media-image\"><a href=\"https:\/\/transfortransportes.com\/index.php\/portfolio\/jac\/\"><img width=\"566\" height=\"425\" class=\"aux-attachment aux-featured-image attachment-566.66666666667x425 aux-attachment-id-327 \" alt=\"JAC1\" data-ratio=\"1.33\" data-original-w=\"800\" sizes=\"auto\" data-srcset=\"https:\/\/transfortransportes.com\/wp-content\/uploads\/2021\/04\/JAC1-150x113.jpg 150w,https:\/\/transfortransportes.com\/wp-content\/uploads\/2021\/04\/JAC1-300x225.jpg 300w,https:\/\/transfortransportes.com\/wp-content\/uploads\/2021\/04\/JAC1-768x576.jpg 768w,https:\/\/transfortransportes.com\/wp-content\/uploads\/2021\/04\/JAC1-567x425.jpg 567w,https:\/\/transfortransportes.com\/wp-content\/uploads\/2021\/04\/JAC1-790x592.jpg 790w\" data-src=\"https:\/\/transfortransportes.com\/wp-content\/uploads\/2021\/04\/JAC1-567x425.jpg\" \/><\/a><\/div>                                <\/div>\n\n                                                            <\/div>\n\n                                                        <div class=\"entry-main\">\n\n                                                                <header class=\"entry-header\">\n                                    <h3 class=\"entry-title\">\n                                        <a href=\"https:\/\/transfortransportes.com\/index.php\/portfolio\/jac\/\">\n                                            Jac                                        <\/a>\n                                    <\/h3>\n                                <\/header>\n                                                                                                                                <div class=\"entry-info\">\n                                    <span class=\"entry-tax\">\n                                                                                <a href=\"https:\/\/transfortransportes.com\/index.php\/portfolio-cat\/carga-seca\/\" title=\"View all posts in Carga Seca\" rel=\"category\" >Carga Seca<\/a><a href=\"https:\/\/transfortransportes.com\/index.php\/portfolio-cat\/transfor\/\" title=\"View all posts in TransFor\" rel=\"category\" >TransFor<\/a>                                    <\/span>\n                                <\/div>\n                                                                                            <\/div>\n                            \n                        <\/article>\n<\/div><div class=\"aux-iso-item aux-loading aux-col carga-seca transfor\">                        <article class=\"post-321 portfolio type-portfolio status-publish has-post-thumbnail hentry portfolio-cat-carga-seca portfolio-cat-transfor portfolio-tag-uncategorized portfolio-filter-uncategorized\" >\n                            <div class=\"\">\n                                <div class=\"entry-media \">\n                                    <div class=\"aux-media-frame aux-media-image\"><a href=\"https:\/\/transfortransportes.com\/index.php\/portfolio\/international\/\"><img width=\"566\" height=\"425\" class=\"aux-attachment aux-featured-image attachment-566.66666666667x425 aux-attachment-id-323 \" alt=\"INTERNACIONAL1\" data-ratio=\"1.33\" data-original-w=\"800\" sizes=\"auto\" data-srcset=\"https:\/\/transfortransportes.com\/wp-content\/uploads\/2021\/04\/INTERNACIONAL1-150x113.jpg 150w,https:\/\/transfortransportes.com\/wp-content\/uploads\/2021\/04\/INTERNACIONAL1-300x225.jpg 300w,https:\/\/transfortransportes.com\/wp-content\/uploads\/2021\/04\/INTERNACIONAL1-768x576.jpg 768w,https:\/\/transfortransportes.com\/wp-content\/uploads\/2021\/04\/INTERNACIONAL1-567x425.jpg 567w,https:\/\/transfortransportes.com\/wp-content\/uploads\/2021\/04\/INTERNACIONAL1-790x592.jpg 790w\" data-src=\"https:\/\/transfortransportes.com\/wp-content\/uploads\/2021\/04\/INTERNACIONAL1-567x425.jpg\" \/><\/a><\/div>                                <\/div>\n\n                                                            <\/div>\n\n                                                        <div class=\"entry-main\">\n\n                                                                <header class=\"entry-header\">\n                                    <h3 class=\"entry-title\">\n                                        <a href=\"https:\/\/transfortransportes.com\/index.php\/portfolio\/international\/\">\n                                            International                                        <\/a>\n                                    <\/h3>\n                                <\/header>\n                                                                                                                                <div class=\"entry-info\">\n                                    <span class=\"entry-tax\">\n                                                                                <a href=\"https:\/\/transfortransportes.com\/index.php\/portfolio-cat\/carga-seca\/\" title=\"View all posts in Carga Seca\" rel=\"category\" >Carga Seca<\/a><a href=\"https:\/\/transfortransportes.com\/index.php\/portfolio-cat\/transfor\/\" title=\"View all posts in TransFor\" rel=\"category\" >TransFor<\/a>                                    <\/span>\n                                <\/div>\n                                                                                            <\/div>\n                            \n                        <\/article>\n<\/div><div class=\"aux-iso-item aux-loading aux-col carga-seca transfor\">                        <article class=\"post-318 portfolio type-portfolio status-publish has-post-thumbnail hentry portfolio-cat-carga-seca portfolio-cat-transfor portfolio-tag-uncategorized portfolio-filter-uncategorized\" >\n                            <div class=\"\">\n                                <div class=\"entry-media \">\n                                    <div class=\"aux-media-frame aux-media-image\"><a href=\"https:\/\/transfortransportes.com\/index.php\/portfolio\/hino\/\"><img width=\"566\" height=\"425\" class=\"aux-attachment aux-featured-image attachment-566.66666666667x425 aux-attachment-id-319 \" alt=\"HINO-MULA\" data-ratio=\"1.33\" data-original-w=\"800\" sizes=\"auto\" data-srcset=\"https:\/\/transfortransportes.com\/wp-content\/uploads\/2021\/04\/HINO-MULA-150x113.jpg 150w,https:\/\/transfortransportes.com\/wp-content\/uploads\/2021\/04\/HINO-MULA-300x225.jpg 300w,https:\/\/transfortransportes.com\/wp-content\/uploads\/2021\/04\/HINO-MULA-768x576.jpg 768w,https:\/\/transfortransportes.com\/wp-content\/uploads\/2021\/04\/HINO-MULA-567x425.jpg 567w,https:\/\/transfortransportes.com\/wp-content\/uploads\/2021\/04\/HINO-MULA-790x592.jpg 790w\" data-src=\"https:\/\/transfortransportes.com\/wp-content\/uploads\/2021\/04\/HINO-MULA-567x425.jpg\" \/><\/a><\/div>                                <\/div>\n\n                                                            <\/div>\n\n                                                        <div class=\"entry-main\">\n\n                                                                <header class=\"entry-header\">\n                                    <h3 class=\"entry-title\">\n                                        <a href=\"https:\/\/transfortransportes.com\/index.php\/portfolio\/hino\/\">\n                                            Hino                                        <\/a>\n                                    <\/h3>\n                                <\/header>\n                                                                                                                                <div class=\"entry-info\">\n                                    <span class=\"entry-tax\">\n                                                                                <a href=\"https:\/\/transfortransportes.com\/index.php\/portfolio-cat\/carga-seca\/\" title=\"View all posts in Carga Seca\" rel=\"category\" >Carga Seca<\/a><a href=\"https:\/\/transfortransportes.com\/index.php\/portfolio-cat\/transfor\/\" title=\"View all posts in TransFor\" rel=\"category\" >TransFor<\/a>                                    <\/span>\n                                <\/div>\n                                                                                            <\/div>\n                            \n                        <\/article>\n<\/div><div class=\"aux-iso-item aux-loading aux-col carga-refrigerada transfor\">                        <article class=\"post-315 portfolio type-portfolio status-publish has-post-thumbnail hentry portfolio-cat-carga-refrigerada portfolio-cat-transfor portfolio-tag-uncategorized portfolio-filter-uncategorized\" >\n                            <div class=\"\">\n                                <div class=\"entry-media \">\n                                    <div class=\"aux-media-frame aux-media-image\"><a href=\"https:\/\/transfortransportes.com\/index.php\/portfolio\/hino-refrigerado\/\"><img width=\"566\" height=\"425\" class=\"aux-attachment aux-featured-image attachment-566.66666666667x425 aux-attachment-id-316 \" alt=\"HINO-3\" data-ratio=\"1.33\" data-original-w=\"800\" sizes=\"auto\" data-srcset=\"https:\/\/transfortransportes.com\/wp-content\/uploads\/2021\/04\/HINO-3-150x113.jpg 150w,https:\/\/transfortransportes.com\/wp-content\/uploads\/2021\/04\/HINO-3-300x225.jpg 300w,https:\/\/transfortransportes.com\/wp-content\/uploads\/2021\/04\/HINO-3-768x576.jpg 768w,https:\/\/transfortransportes.com\/wp-content\/uploads\/2021\/04\/HINO-3-567x425.jpg 567w,https:\/\/transfortransportes.com\/wp-content\/uploads\/2021\/04\/HINO-3-790x592.jpg 790w\" data-src=\"https:\/\/transfortransportes.com\/wp-content\/uploads\/2021\/04\/HINO-3-567x425.jpg\" \/><\/a><\/div>                                <\/div>\n\n                                                            <\/div>\n\n                                                        <div class=\"entry-main\">\n\n                                                                <header class=\"entry-header\">\n                                    <h3 class=\"entry-title\">\n                                        <a href=\"https:\/\/transfortransportes.com\/index.php\/portfolio\/hino-refrigerado\/\">\n                                            Hino Refrigerado                                        <\/a>\n                                    <\/h3>\n                                <\/header>\n                                                                                                                                <div class=\"entry-info\">\n                                    <span class=\"entry-tax\">\n                                                                                <a href=\"https:\/\/transfortransportes.com\/index.php\/portfolio-cat\/carga-refrigerada\/\" title=\"View all posts in Carga Refrigerada\" rel=\"category\" >Carga Refrigerada<\/a><a href=\"https:\/\/transfortransportes.com\/index.php\/portfolio-cat\/transfor\/\" title=\"View all posts in TransFor\" rel=\"category\" >TransFor<\/a>                                    <\/span>\n                                <\/div>\n                                                                                            <\/div>\n                            \n                        <\/article>\n<\/div><div class=\"aux-iso-item aux-loading aux-col carga-seca transfor\">                        <article class=\"post-311 portfolio type-portfolio status-publish has-post-thumbnail hentry portfolio-cat-carga-seca portfolio-cat-transfor portfolio-tag-uncategorized portfolio-filter-uncategorized\" >\n                            <div class=\"\">\n                                <div class=\"entry-media \">\n                                    <div class=\"aux-media-frame aux-media-image\"><a href=\"https:\/\/transfortransportes.com\/index.php\/portfolio\/hino-furgon\/\"><img width=\"566\" height=\"425\" class=\"aux-attachment aux-featured-image attachment-566.66666666667x425 aux-attachment-id-312 \" alt=\"HINO1\" data-ratio=\"1.33\" data-original-w=\"800\" sizes=\"auto\" data-srcset=\"https:\/\/transfortransportes.com\/wp-content\/uploads\/2021\/04\/HINO1-150x113.jpg 150w,https:\/\/transfortransportes.com\/wp-content\/uploads\/2021\/04\/HINO1-300x225.jpg 300w,https:\/\/transfortransportes.com\/wp-content\/uploads\/2021\/04\/HINO1-768x576.jpg 768w,https:\/\/transfortransportes.com\/wp-content\/uploads\/2021\/04\/HINO1-567x425.jpg 567w,https:\/\/transfortransportes.com\/wp-content\/uploads\/2021\/04\/HINO1-790x592.jpg 790w\" data-src=\"https:\/\/transfortransportes.com\/wp-content\/uploads\/2021\/04\/HINO1-567x425.jpg\" \/><\/a><\/div>                                <\/div>\n\n                                                            <\/div>\n\n                                                        <div class=\"entry-main\">\n\n                                                                <header class=\"entry-header\">\n                                    <h3 class=\"entry-title\">\n                                        <a href=\"https:\/\/transfortransportes.com\/index.php\/portfolio\/hino-furgon\/\">\n                                            Hino Furg\u00f3n                                        <\/a>\n                                    <\/h3>\n                                <\/header>\n                                                                                                                                <div class=\"entry-info\">\n                                    <span class=\"entry-tax\">\n                                                                                <a href=\"https:\/\/transfortransportes.com\/index.php\/portfolio-cat\/carga-seca\/\" title=\"View all posts in Carga Seca\" rel=\"category\" >Carga Seca<\/a><a href=\"https:\/\/transfortransportes.com\/index.php\/portfolio-cat\/transfor\/\" title=\"View all posts in TransFor\" rel=\"category\" >TransFor<\/a>                                    <\/span>\n                                <\/div>\n                                                                                            <\/div>\n                            \n                        <\/article>\n<\/div><div class=\"aux-iso-item aux-loading aux-col carga-seca transfor\">                        <article class=\"post-308 portfolio type-portfolio status-publish has-post-thumbnail hentry portfolio-cat-carga-seca portfolio-cat-transfor portfolio-tag-uncategorized portfolio-filter-uncategorized\" >\n                            <div class=\"\">\n                                <div class=\"entry-media \">\n                                    <div class=\"aux-media-frame aux-media-image\"><a href=\"https:\/\/transfortransportes.com\/index.php\/portfolio\/freighliner\/\"><img width=\"566\" height=\"425\" class=\"aux-attachment aux-featured-image attachment-566.66666666667x425 aux-attachment-id-309 \" alt=\"FREIGHLINER2\" data-ratio=\"1.33\" data-original-w=\"800\" sizes=\"auto\" data-srcset=\"https:\/\/transfortransportes.com\/wp-content\/uploads\/2021\/04\/FREIGHLINER2-150x113.jpg 150w,https:\/\/transfortransportes.com\/wp-content\/uploads\/2021\/04\/FREIGHLINER2-300x225.jpg 300w,https:\/\/transfortransportes.com\/wp-content\/uploads\/2021\/04\/FREIGHLINER2-768x576.jpg 768w,https:\/\/transfortransportes.com\/wp-content\/uploads\/2021\/04\/FREIGHLINER2-567x425.jpg 567w,https:\/\/transfortransportes.com\/wp-content\/uploads\/2021\/04\/FREIGHLINER2-790x592.jpg 790w\" data-src=\"https:\/\/transfortransportes.com\/wp-content\/uploads\/2021\/04\/FREIGHLINER2-567x425.jpg\" \/><\/a><\/div>                                <\/div>\n\n                                                            <\/div>\n\n                                                        <div class=\"entry-main\">\n\n                                                                <header class=\"entry-header\">\n                                    <h3 class=\"entry-title\">\n                                        <a href=\"https:\/\/transfortransportes.com\/index.php\/portfolio\/freighliner\/\">\n                                            FREIGHLINER                                        <\/a>\n                                    <\/h3>\n                                <\/header>\n                                                                                                                                <div class=\"entry-info\">\n                                    <span class=\"entry-tax\">\n                                                                                <a href=\"https:\/\/transfortransportes.com\/index.php\/portfolio-cat\/carga-seca\/\" title=\"View all posts in Carga Seca\" rel=\"category\" >Carga Seca<\/a><a href=\"https:\/\/transfortransportes.com\/index.php\/portfolio-cat\/transfor\/\" title=\"View all posts in TransFor\" rel=\"category\" >TransFor<\/a>                                    <\/span>\n                                <\/div>\n                                                                                            <\/div>\n                            \n                        <\/article>\n<\/div><div class=\"aux-iso-item aux-loading aux-col carga-seca transfor\">                        <article class=\"post-305 portfolio type-portfolio status-publish has-post-thumbnail hentry portfolio-cat-carga-seca portfolio-cat-transfor portfolio-tag-uncategorized portfolio-filter-uncategorized\" >\n                            <div class=\"\">\n                                <div class=\"entry-media \">\n                                    <div class=\"aux-media-frame aux-media-image\"><a href=\"https:\/\/transfortransportes.com\/index.php\/portfolio\/foton-furgon-2\/\"><img width=\"566\" height=\"425\" class=\"aux-attachment aux-featured-image attachment-566.66666666667x425 aux-attachment-id-306 \" alt=\"FOTON3\" data-ratio=\"1.33\" data-original-w=\"800\" sizes=\"auto\" data-srcset=\"https:\/\/transfortransportes.com\/wp-content\/uploads\/2021\/04\/FOTON3-150x113.jpg 150w,https:\/\/transfortransportes.com\/wp-content\/uploads\/2021\/04\/FOTON3-300x225.jpg 300w,https:\/\/transfortransportes.com\/wp-content\/uploads\/2021\/04\/FOTON3-768x576.jpg 768w,https:\/\/transfortransportes.com\/wp-content\/uploads\/2021\/04\/FOTON3-567x425.jpg 567w,https:\/\/transfortransportes.com\/wp-content\/uploads\/2021\/04\/FOTON3-790x592.jpg 790w\" data-src=\"https:\/\/transfortransportes.com\/wp-content\/uploads\/2021\/04\/FOTON3-567x425.jpg\" \/><\/a><\/div>                                <\/div>\n\n                                                            <\/div>\n\n                                                        <div class=\"entry-main\">\n\n                                                                <header class=\"entry-header\">\n                                    <h3 class=\"entry-title\">\n                                        <a href=\"https:\/\/transfortransportes.com\/index.php\/portfolio\/foton-furgon-2\/\">\n                                            Foton Furg\u00f3n                                        <\/a>\n                                    <\/h3>\n                                <\/header>\n                                                                                                                                <div class=\"entry-info\">\n                                    <span class=\"entry-tax\">\n                                                                                <a href=\"https:\/\/transfortransportes.com\/index.php\/portfolio-cat\/carga-seca\/\" title=\"View all posts in Carga Seca\" rel=\"category\" >Carga Seca<\/a><a href=\"https:\/\/transfortransportes.com\/index.php\/portfolio-cat\/transfor\/\" title=\"View all posts in TransFor\" rel=\"category\" >TransFor<\/a>                                    <\/span>\n                                <\/div>\n                                                                                            <\/div>\n                            \n                        <\/article>\n<\/div><div class=\"aux-iso-item aux-loading aux-col carga-seca transfor\">                        <article class=\"post-302 portfolio type-portfolio status-publish has-post-thumbnail hentry portfolio-cat-carga-seca portfolio-cat-transfor portfolio-tag-uncategorized portfolio-filter-uncategorized\" >\n                            <div class=\"\">\n                                <div class=\"entry-media \">\n                                    <div class=\"aux-media-frame aux-media-image\"><a href=\"https:\/\/transfortransportes.com\/index.php\/portfolio\/foton-furgon\/\"><img width=\"566\" height=\"425\" class=\"aux-attachment aux-featured-image attachment-566.66666666667x425 aux-attachment-id-303 \" alt=\"FOTON2\" data-ratio=\"1.33\" data-original-w=\"800\" sizes=\"auto\" data-srcset=\"https:\/\/transfortransportes.com\/wp-content\/uploads\/2021\/04\/FOTON2-150x113.jpg 150w,https:\/\/transfortransportes.com\/wp-content\/uploads\/2021\/04\/FOTON2-300x225.jpg 300w,https:\/\/transfortransportes.com\/wp-content\/uploads\/2021\/04\/FOTON2-768x576.jpg 768w,https:\/\/transfortransportes.com\/wp-content\/uploads\/2021\/04\/FOTON2-567x425.jpg 567w,https:\/\/transfortransportes.com\/wp-content\/uploads\/2021\/04\/FOTON2-790x592.jpg 790w\" data-src=\"https:\/\/transfortransportes.com\/wp-content\/uploads\/2021\/04\/FOTON2-567x425.jpg\" \/><\/a><\/div>                                <\/div>\n\n                                                            <\/div>\n\n                                                        <div class=\"entry-main\">\n\n                                                                <header class=\"entry-header\">\n                                    <h3 class=\"entry-title\">\n                                        <a href=\"https:\/\/transfortransportes.com\/index.php\/portfolio\/foton-furgon\/\">\n                                            Foton Furg\u00f3n                                        <\/a>\n                                    <\/h3>\n                                <\/header>\n                                                                                                                                <div class=\"entry-info\">\n                                    <span class=\"entry-tax\">\n                                                                                <a href=\"https:\/\/transfortransportes.com\/index.php\/portfolio-cat\/carga-seca\/\" title=\"View all posts in Carga Seca\" rel=\"category\" >Carga Seca<\/a><a href=\"https:\/\/transfortransportes.com\/index.php\/portfolio-cat\/transfor\/\" title=\"View all posts in TransFor\" rel=\"category\" >TransFor<\/a>                                    <\/span>\n                                <\/div>\n                                                                                            <\/div>\n                            \n                        <\/article>\n<\/div><div class=\"aux-iso-item aux-loading aux-col carga-seca transfor\">                        <article class=\"post-299 portfolio type-portfolio status-publish has-post-thumbnail hentry portfolio-cat-carga-seca portfolio-cat-transfor portfolio-tag-uncategorized portfolio-filter-uncategorized\" >\n                            <div class=\"\">\n                                <div class=\"entry-media \">\n                                    <div class=\"aux-media-frame aux-media-image\"><a href=\"https:\/\/transfortransportes.com\/index.php\/portfolio\/foton-camion\/\"><img width=\"566\" height=\"425\" class=\"aux-attachment aux-featured-image attachment-566.66666666667x425 aux-attachment-id-300 \" alt=\"FOTON1\" data-ratio=\"1.33\" data-original-w=\"800\" sizes=\"auto\" data-srcset=\"https:\/\/transfortransportes.com\/wp-content\/uploads\/2021\/04\/FOTON1-150x113.jpg 150w,https:\/\/transfortransportes.com\/wp-content\/uploads\/2021\/04\/FOTON1-300x225.jpg 300w,https:\/\/transfortransportes.com\/wp-content\/uploads\/2021\/04\/FOTON1-768x576.jpg 768w,https:\/\/transfortransportes.com\/wp-content\/uploads\/2021\/04\/FOTON1-567x425.jpg 567w,https:\/\/transfortransportes.com\/wp-content\/uploads\/2021\/04\/FOTON1-790x592.jpg 790w\" data-src=\"https:\/\/transfortransportes.com\/wp-content\/uploads\/2021\/04\/FOTON1-567x425.jpg\" \/><\/a><\/div>                                <\/div>\n\n                                                            <\/div>\n\n                                                        <div class=\"entry-main\">\n\n                                                                <header class=\"entry-header\">\n                                    <h3 class=\"entry-title\">\n                                        <a href=\"https:\/\/transfortransportes.com\/index.php\/portfolio\/foton-camion\/\">\n                                            Foton Cami\u00f3n                                        <\/a>\n                                    <\/h3>\n                                <\/header>\n                                                                                                                                <div class=\"entry-info\">\n                                    <span class=\"entry-tax\">\n                                                                                <a href=\"https:\/\/transfortransportes.com\/index.php\/portfolio-cat\/carga-seca\/\" title=\"View all posts in Carga Seca\" rel=\"category\" >Carga Seca<\/a><a href=\"https:\/\/transfortransportes.com\/index.php\/portfolio-cat\/transfor\/\" title=\"View all posts in TransFor\" rel=\"category\" >TransFor<\/a>                                    <\/span>\n                                <\/div>\n                                                                                            <\/div>\n                            \n                        <\/article>\n<\/div><div class=\"aux-iso-item aux-loading aux-col carga-seca transfor\">                        <article class=\"post-294 portfolio type-portfolio status-publish has-post-thumbnail hentry portfolio-cat-carga-seca portfolio-cat-transfor portfolio-tag-uncategorized portfolio-filter-uncategorized\" >\n                            <div class=\"\">\n                                <div class=\"entry-media \">\n                                    <div class=\"aux-media-frame aux-media-image\"><a href=\"https:\/\/transfortransportes.com\/index.php\/portfolio\/ford-furgon-2\/\"><img width=\"566\" height=\"425\" class=\"aux-attachment aux-featured-image attachment-566.66666666667x425 aux-attachment-id-296 \" alt=\"FORD-TURBO-AZUL1\" data-ratio=\"1.33\" data-original-w=\"800\" sizes=\"auto\" data-srcset=\"https:\/\/transfortransportes.com\/wp-content\/uploads\/2021\/04\/FORD-TURBO-AZUL1-150x113.jpg 150w,https:\/\/transfortransportes.com\/wp-content\/uploads\/2021\/04\/FORD-TURBO-AZUL1-300x225.jpg 300w,https:\/\/transfortransportes.com\/wp-content\/uploads\/2021\/04\/FORD-TURBO-AZUL1-768x576.jpg 768w,https:\/\/transfortransportes.com\/wp-content\/uploads\/2021\/04\/FORD-TURBO-AZUL1-567x425.jpg 567w,https:\/\/transfortransportes.com\/wp-content\/uploads\/2021\/04\/FORD-TURBO-AZUL1-790x592.jpg 790w\" data-src=\"https:\/\/transfortransportes.com\/wp-content\/uploads\/2021\/04\/FORD-TURBO-AZUL1-567x425.jpg\" \/><\/a><\/div>                                <\/div>\n\n                                                            <\/div>\n\n                                                        <div class=\"entry-main\">\n\n                                                                <header class=\"entry-header\">\n                                    <h3 class=\"entry-title\">\n                                        <a href=\"https:\/\/transfortransportes.com\/index.php\/portfolio\/ford-furgon-2\/\">\n                                            Ford Furg\u00f3n                                        <\/a>\n                                    <\/h3>\n                                <\/header>\n                                                                                                                                <div class=\"entry-info\">\n                                    <span class=\"entry-tax\">\n                                                                                <a href=\"https:\/\/transfortransportes.com\/index.php\/portfolio-cat\/carga-seca\/\" title=\"View all posts in Carga Seca\" rel=\"category\" >Carga Seca<\/a><a href=\"https:\/\/transfortransportes.com\/index.php\/portfolio-cat\/transfor\/\" title=\"View all posts in TransFor\" rel=\"category\" >TransFor<\/a>                                    <\/span>\n                                <\/div>\n                                                                                            <\/div>\n                            \n                        <\/article>\n<\/div><div class=\"aux-iso-item aux-loading aux-col carga-seca transfor\">                        <article class=\"post-289 portfolio type-portfolio status-publish has-post-thumbnail hentry portfolio-cat-carga-seca portfolio-cat-transfor portfolio-tag-uncategorized portfolio-filter-uncategorized\" >\n                            <div class=\"\">\n                                <div class=\"entry-media \">\n                                    <div class=\"aux-media-frame aux-media-image\"><a href=\"https:\/\/transfortransportes.com\/index.php\/portfolio\/ford-furgon\/\"><img width=\"566\" height=\"425\" class=\"aux-attachment aux-featured-image attachment-566.66666666667x425 aux-attachment-id-290 \" alt=\"FORD-TURBO1\" data-ratio=\"1.33\" data-original-w=\"800\" sizes=\"auto\" data-srcset=\"https:\/\/transfortransportes.com\/wp-content\/uploads\/2021\/04\/FORD-TURBO1-150x113.jpg 150w,https:\/\/transfortransportes.com\/wp-content\/uploads\/2021\/04\/FORD-TURBO1-300x225.jpg 300w,https:\/\/transfortransportes.com\/wp-content\/uploads\/2021\/04\/FORD-TURBO1-768x576.jpg 768w,https:\/\/transfortransportes.com\/wp-content\/uploads\/2021\/04\/FORD-TURBO1-567x425.jpg 567w,https:\/\/transfortransportes.com\/wp-content\/uploads\/2021\/04\/FORD-TURBO1-790x592.jpg 790w\" data-src=\"https:\/\/transfortransportes.com\/wp-content\/uploads\/2021\/04\/FORD-TURBO1-567x425.jpg\" \/><\/a><\/div>                                <\/div>\n\n                                                            <\/div>\n\n                                                        <div class=\"entry-main\">\n\n                                                                <header class=\"entry-header\">\n                                    <h3 class=\"entry-title\">\n                                        <a href=\"https:\/\/transfortransportes.com\/index.php\/portfolio\/ford-furgon\/\">\n                                            Ford Furg\u00f3n                                        <\/a>\n                                    <\/h3>\n                                <\/header>\n                                                                                                                                <div class=\"entry-info\">\n                                    <span class=\"entry-tax\">\n                                                                                <a href=\"https:\/\/transfortransportes.com\/index.php\/portfolio-cat\/carga-seca\/\" title=\"View all posts in Carga Seca\" rel=\"category\" >Carga Seca<\/a><a href=\"https:\/\/transfortransportes.com\/index.php\/portfolio-cat\/transfor\/\" title=\"View all posts in TransFor\" rel=\"category\" >TransFor<\/a>                                    <\/span>\n                                <\/div>\n                                                                                            <\/div>\n                            \n                        <\/article>\n<\/div><div class=\"aux-iso-item aux-loading aux-col carga-refrigerada transfor\">                        <article class=\"post-286 portfolio type-portfolio status-publish has-post-thumbnail hentry portfolio-cat-carga-refrigerada portfolio-cat-transfor portfolio-tag-uncategorized portfolio-filter-uncategorized\" >\n                            <div class=\"\">\n                                <div class=\"entry-media \">\n                                    <div class=\"aux-media-frame aux-media-image\"><a href=\"https:\/\/transfortransportes.com\/index.php\/portfolio\/chevrolet-nhr-furgon-refrigerado-2\/\"><img width=\"566\" height=\"425\" class=\"aux-attachment aux-featured-image attachment-566.66666666667x425 aux-attachment-id-287 \" alt=\"CHEVROLET-NPR3\" data-ratio=\"1.33\" data-original-w=\"800\" sizes=\"auto\" data-srcset=\"https:\/\/transfortransportes.com\/wp-content\/uploads\/2021\/04\/CHEVROLET-NPR3-150x113.jpg 150w,https:\/\/transfortransportes.com\/wp-content\/uploads\/2021\/04\/CHEVROLET-NPR3-300x225.jpg 300w,https:\/\/transfortransportes.com\/wp-content\/uploads\/2021\/04\/CHEVROLET-NPR3-768x576.jpg 768w,https:\/\/transfortransportes.com\/wp-content\/uploads\/2021\/04\/CHEVROLET-NPR3-567x425.jpg 567w,https:\/\/transfortransportes.com\/wp-content\/uploads\/2021\/04\/CHEVROLET-NPR3-790x592.jpg 790w\" data-src=\"https:\/\/transfortransportes.com\/wp-content\/uploads\/2021\/04\/CHEVROLET-NPR3-567x425.jpg\" \/><\/a><\/div>                                <\/div>\n\n                                                            <\/div>\n\n                                                        <div class=\"entry-main\">\n\n                                                                <header class=\"entry-header\">\n                                    <h3 class=\"entry-title\">\n                                        <a href=\"https:\/\/transfortransportes.com\/index.php\/portfolio\/chevrolet-nhr-furgon-refrigerado-2\/\">\n                                            Chevrolet NHR Furg\u00f3n Refrigerado                                        <\/a>\n                                    <\/h3>\n                                <\/header>\n                                                                                                                                <div class=\"entry-info\">\n                                    <span class=\"entry-tax\">\n                                                                                <a href=\"https:\/\/transfortransportes.com\/index.php\/portfolio-cat\/carga-refrigerada\/\" title=\"View all posts in Carga Refrigerada\" rel=\"category\" >Carga Refrigerada<\/a><a href=\"https:\/\/transfortransportes.com\/index.php\/portfolio-cat\/transfor\/\" title=\"View all posts in TransFor\" rel=\"category\" >TransFor<\/a>                                    <\/span>\n                                <\/div>\n                                                                                            <\/div>\n                            \n                        <\/article>\n<\/div><div class=\"aux-iso-item aux-loading aux-col carga-refrigerada transfor\">                        <article class=\"post-283 portfolio type-portfolio status-publish has-post-thumbnail hentry portfolio-cat-carga-refrigerada portfolio-cat-transfor portfolio-tag-uncategorized portfolio-filter-uncategorized\" >\n                            <div class=\"\">\n                                <div class=\"entry-media \">\n                                    <div class=\"aux-media-frame aux-media-image\"><a href=\"https:\/\/transfortransportes.com\/index.php\/portfolio\/chevrolet-nhr-furgon-refrigerado\/\"><img width=\"566\" height=\"425\" class=\"aux-attachment aux-featured-image attachment-566.66666666667x425 aux-attachment-id-284 \" alt=\"CHEVROLET-NPR2\" data-ratio=\"1.33\" data-original-w=\"800\" sizes=\"auto\" data-srcset=\"https:\/\/transfortransportes.com\/wp-content\/uploads\/2021\/04\/CHEVROLET-NPR2-150x113.jpg 150w,https:\/\/transfortransportes.com\/wp-content\/uploads\/2021\/04\/CHEVROLET-NPR2-300x225.jpg 300w,https:\/\/transfortransportes.com\/wp-content\/uploads\/2021\/04\/CHEVROLET-NPR2-768x576.jpg 768w,https:\/\/transfortransportes.com\/wp-content\/uploads\/2021\/04\/CHEVROLET-NPR2-567x425.jpg 567w,https:\/\/transfortransportes.com\/wp-content\/uploads\/2021\/04\/CHEVROLET-NPR2-790x592.jpg 790w\" data-src=\"https:\/\/transfortransportes.com\/wp-content\/uploads\/2021\/04\/CHEVROLET-NPR2-567x425.jpg\" \/><\/a><\/div>                                <\/div>\n\n                                                            <\/div>\n\n                                                        <div class=\"entry-main\">\n\n                                                                <header class=\"entry-header\">\n                                    <h3 class=\"entry-title\">\n                                        <a href=\"https:\/\/transfortransportes.com\/index.php\/portfolio\/chevrolet-nhr-furgon-refrigerado\/\">\n                                            Chevrolet NHR Furg\u00f3n Refrigerado                                        <\/a>\n                                    <\/h3>\n                                <\/header>\n                                                                                                                                <div class=\"entry-info\">\n                                    <span class=\"entry-tax\">\n                                                                                <a href=\"https:\/\/transfortransportes.com\/index.php\/portfolio-cat\/carga-refrigerada\/\" title=\"View all posts in Carga Refrigerada\" rel=\"category\" >Carga Refrigerada<\/a><a href=\"https:\/\/transfortransportes.com\/index.php\/portfolio-cat\/transfor\/\" title=\"View all posts in TransFor\" rel=\"category\" >TransFor<\/a>                                    <\/span>\n                                <\/div>\n                                                                                            <\/div>\n                            \n                        <\/article>\n<\/div><div class=\"aux-iso-item aux-loading aux-col carga-seca transfor\">                        <article class=\"post-280 portfolio type-portfolio status-publish has-post-thumbnail hentry portfolio-cat-carga-seca portfolio-cat-transfor portfolio-tag-uncategorized portfolio-filter-uncategorized\" >\n                            <div class=\"\">\n                                <div class=\"entry-media \">\n                                    <div class=\"aux-media-frame aux-media-image\"><a href=\"https:\/\/transfortransportes.com\/index.php\/portfolio\/chevrolet-nhr-furgon-2\/\"><img width=\"566\" height=\"425\" class=\"aux-attachment aux-featured-image attachment-566.66666666667x425 aux-attachment-id-281 \" alt=\"CHEVROLET-NPR1\" data-ratio=\"1.33\" data-original-w=\"800\" sizes=\"auto\" data-srcset=\"https:\/\/transfortransportes.com\/wp-content\/uploads\/2021\/04\/CHEVROLET-NPR1-150x113.jpg 150w,https:\/\/transfortransportes.com\/wp-content\/uploads\/2021\/04\/CHEVROLET-NPR1-300x225.jpg 300w,https:\/\/transfortransportes.com\/wp-content\/uploads\/2021\/04\/CHEVROLET-NPR1-768x576.jpg 768w,https:\/\/transfortransportes.com\/wp-content\/uploads\/2021\/04\/CHEVROLET-NPR1-567x425.jpg 567w,https:\/\/transfortransportes.com\/wp-content\/uploads\/2021\/04\/CHEVROLET-NPR1-790x592.jpg 790w\" data-src=\"https:\/\/transfortransportes.com\/wp-content\/uploads\/2021\/04\/CHEVROLET-NPR1-567x425.jpg\" \/><\/a><\/div>                                <\/div>\n\n                                                            <\/div>\n\n                                                        <div class=\"entry-main\">\n\n                                                                <header class=\"entry-header\">\n                                    <h3 class=\"entry-title\">\n                                        <a href=\"https:\/\/transfortransportes.com\/index.php\/portfolio\/chevrolet-nhr-furgon-2\/\">\n                                            Chevrolet NHR Furg\u00f3n                                        <\/a>\n                                    <\/h3>\n                                <\/header>\n                                                                                                                                <div class=\"entry-info\">\n                                    <span class=\"entry-tax\">\n                                                                                <a href=\"https:\/\/transfortransportes.com\/index.php\/portfolio-cat\/carga-seca\/\" title=\"View all posts in Carga Seca\" rel=\"category\" >Carga Seca<\/a><a href=\"https:\/\/transfortransportes.com\/index.php\/portfolio-cat\/transfor\/\" title=\"View all posts in TransFor\" rel=\"category\" >TransFor<\/a>                                    <\/span>\n                                <\/div>\n                                                                                            <\/div>\n                            \n                        <\/article>\n<\/div><div class=\"aux-iso-item aux-loading aux-col carga-seca transfor\">                        <article class=\"post-264 portfolio type-portfolio status-publish has-post-thumbnail hentry portfolio-cat-carga-seca portfolio-cat-transfor portfolio-tag-uncategorized portfolio-filter-uncategorized\" >\n                            <div class=\"\">\n                                <div class=\"entry-media \">\n                                    <div class=\"aux-media-frame aux-media-image\"><a href=\"https:\/\/transfortransportes.com\/index.php\/portfolio\/chevrolet-nhr-furgon\/\"><img width=\"566\" height=\"425\" class=\"aux-attachment aux-featured-image attachment-566.66666666667x425 aux-attachment-id-276 \" alt=\"CHEVROLET-NHR1\" data-ratio=\"1.33\" data-original-w=\"800\" sizes=\"auto\" data-srcset=\"https:\/\/transfortransportes.com\/wp-content\/uploads\/2021\/04\/CHEVROLET-NHR1-150x113.jpg 150w,https:\/\/transfortransportes.com\/wp-content\/uploads\/2021\/04\/CHEVROLET-NHR1-300x225.jpg 300w,https:\/\/transfortransportes.com\/wp-content\/uploads\/2021\/04\/CHEVROLET-NHR1-768x576.jpg 768w,https:\/\/transfortransportes.com\/wp-content\/uploads\/2021\/04\/CHEVROLET-NHR1-567x425.jpg 567w,https:\/\/transfortransportes.com\/wp-content\/uploads\/2021\/04\/CHEVROLET-NHR1-790x592.jpg 790w\" data-src=\"https:\/\/transfortransportes.com\/wp-content\/uploads\/2021\/04\/CHEVROLET-NHR1-567x425.jpg\" \/><\/a><\/div>                                <\/div>\n\n                                                            <\/div>\n\n                                                        <div class=\"entry-main\">\n\n                                                                <header class=\"entry-header\">\n                                    <h3 class=\"entry-title\">\n                                        <a href=\"https:\/\/transfortransportes.com\/index.php\/portfolio\/chevrolet-nhr-furgon\/\">\n                                            Chevrolet NHR Furg\u00f3n                                        <\/a>\n                                    <\/h3>\n                                <\/header>\n                                                                                                                                <div class=\"entry-info\">\n                                    <span class=\"entry-tax\">\n                                                                                <a href=\"https:\/\/transfortransportes.com\/index.php\/portfolio-cat\/carga-seca\/\" title=\"View all posts in Carga Seca\" rel=\"category\" >Carga Seca<\/a><a href=\"https:\/\/transfortransportes.com\/index.php\/portfolio-cat\/transfor\/\" title=\"View all posts in TransFor\" rel=\"category\" >TransFor<\/a>                                    <\/span>\n                                <\/div>\n                                                                                            <\/div>\n                            \n                        <\/article>\n<\/div><\/div><script type=\"text\/javascript\">var auabaf24b2AjaxConfig = {\"title\":\"\",\"cat\":[\"14\"],\"num\":20,\"only_posts__in\":\"\",\"include\":\"\",\"exclude\":\"\",\"posts_per_page\":-1,\"offset\":\"\",\"order_by\":\"date\",\"order\":\"DESC\",\"exclude_without_media\":\"yes\",\"display_like\":\"\",\"deeplink\":\"no\",\"use_ajax\":\"no\",\"deeplink_slug\":null,\"show_filters\":\"yes\",\"filter_by\":\"portfolio-cat\",\"filter_style\":\"aux-slideup\",\"filter_align\":\"aux-right\",\"reveal_transition_duration\":\"600\",\"reveal_between_delay\":\"60\",\"hide_transition_duration\":\"600\",\"hide_between_delay\":\"30\",\"item_style\":\"classic\",\"tile_style_pattern\":\"default\",\"tiles_item_style\":\"overlay\",\"entry_background_color\":\"\",\"entry_border_color\":\"\",\"paginate\":\"\",\"perpage\":null,\"crop\":true,\"display_title\":\"yes\",\"show_info\":\"yes\",\"display_read_more\":false,\"image_aspect_ratio\":\"0.75\",\"space\":50,\"desktop_cnum\":\"3\",\"tablet_cnum\":\"inherit\",\"phone_cnum\":\"1\",\"layout\":\"grid\",\"tag\":\"\",\"extra_classes\":\"\",\"extra_column_classes\":\"\",\"custom_el_id\":\"\",\"template_part_file\":\"recent-portfolio\",\"extra_template_path\":\"\\\/home\\\/u597279756\\\/domains\\\/transfortransportes.com\\\/public_html\\\/wp-content\\\/plugins\\\/auxin-portfolio\\\/public\\\/templates\\\/elements\",\"universal_id\":\"auabaf24b2\",\"query_args\":[],\"term\":\"\",\"reset_query\":true,\"use_wp_query\":false,\"wp_query_args\":[],\"custom_wp_query\":\"\",\"loadmore_type\":\"\",\"loadmore_label\":\"text\",\"loadmore_per_page\":20,\"term_field\":\"slug\",\"base\":\"aux_recent_portfolios_grid\",\"base_class\":\"aux-widget-recent-portfolios\",\"paged\":\"\",\"override_global_query\":false,\"content\":null,\"skip_wrappers\":false,\"content_width\":2000,\"inview_transition\":\"none\",\"inview_duration\":\"\",\"inview_delay\":\"\",\"inview_repeat\":\"no\",\"inview_offset\":\"\",\"called_from\":\"elementor\"};<\/script><\/section><!-- widget-container -->\t\t<\/div>\n\t\t\t\t<\/div>\n\t\t\t\t\t\t<\/div>\n\t\t\t\t\t<\/div>\n\t\t<\/div>\n\t\t\t\t\t\t\t\t<\/div>\n\t\t\t\t\t<\/div>\n\t\t<\/section>\n\t\t\t\t\t\t<\/div>\n\t\t\t\t\t<\/div>\n\t\t<\/div>\n\t\t\t\t\t\t\t\t<\/div>\n\t\t\t\t\t<\/div>\n\t\t<\/section>\n\t\t\t\t\t\t<\/div>\n\t\t\t\t\t\t<\/div>\n\t\t\t\t\t<\/div>\n\t\t","protected":false},"excerpt":{"rendered":"<p>Parque Automotor NuestrosVeh\u00edculos TransFor Mercedes-Benz Carga SecaTransFor Mercedes-Benz Carga SecaTransFor JMC Carga SecaTransFor JMC Carga SecaTransFor JMC Carga SecaTransFor Jac Carga SecaTransFor International Carga SecaTransFor Hino Carga SecaTransFor Hino Refrigerado Carga RefrigeradaTransFor Hino Furg\u00f3n Carga SecaTransFor FREIGHLINER Carga SecaTransFor Foton Furg\u00f3n Carga SecaTransFor Foton Furg\u00f3n Carga SecaTransFor Foton Cami\u00f3n Carga SecaTransFor Ford Furg\u00f3n Carga SecaTransFor [&hellip;]<\/p>\n","protected":false},"author":1,"featured_media":0,"parent":0,"menu_order":0,"comment_status":"closed","ping_status":"closed","template":"templates\/page-builder-content.php","meta":[],"aioseo_notices":[],"_links":{"self":[{"href":"https:\/\/transfortransportes.com\/index.php\/wp-json\/wp\/v2\/pages\/116"}],"collection":[{"href":"https:\/\/transfortransportes.com\/index.php\/wp-json\/wp\/v2\/pages"}],"about":[{"href":"https:\/\/transfortransportes.com\/index.php\/wp-json\/wp\/v2\/types\/page"}],"author":[{"embeddable":true,"href":"https:\/\/transfortransportes.com\/index.php\/wp-json\/wp\/v2\/users\/1"}],"replies":[{"embeddable":true,"href":"https:\/\/transfortransportes.com\/index.php\/wp-json\/wp\/v2\/comments?post=116"}],"version-history":[{"count":10,"href":"https:\/\/transfortransportes.com\/index.php\/wp-json\/wp\/v2\/pages\/116\/revisions"}],"predecessor-version":[{"id":371,"href":"https:\/\/transfortransportes.com\/index.php\/wp-json\/wp\/v2\/pages\/116\/revisions\/371"}],"wp:attachment":[{"href":"https:\/\/transfortransportes.com\/index.php\/wp-json\/wp\/v2\/media?parent=116"}],"curies":[{"name":"wp","href":"https:\/\/api.w.org\/{rel}","templated":true}]}}